{"id":1874,"date":"2023-09-26T10:26:40","date_gmt":"2023-09-26T10:26:40","guid":{"rendered":"https:\/\/emqlogistics.com\/fret-aerien\/"},"modified":"2026-07-31T09:16:59","modified_gmt":"2026-07-31T09:16:59","slug":"fret-aerien","status":"publish","type":"page","link":"https:\/\/emqlogistics.com\/fr\/fret-aerien\/","title":{"rendered":"Fret Aerien"},"content":{"rendered":"<p>[et_pb_section fb_built=\u00a0\u00bb1&Prime; fullwidth=\u00a0\u00bbon\u00a0\u00bb _builder_version=\u00a0\u00bb4.27.6&Prime; _module_preset=\u00a0\u00bbdefault\u00a0\u00bb global_colors_info=\u00a0\u00bb{}\u00a0\u00bb][et_pb_fullwidth_image src=\u00a0\u00bbhttps:\/\/emqlogistics.com\/wp-content\/uploads\/2026\/05\/Luchtvracht.jpg\u00a0\u00bb alt=\u00a0\u00bbAvion d\u00e9collant au lever du soleil\u00a0\u00bb title_text=\u00a0\u00bbFret a\u00e9rien\u00a0\u00bb _builder_version=\u00a0\u00bb4.27.6&Prime; _module_preset=\u00a0\u00bbdefault\u00a0\u00bb global_colors_info=\u00a0\u00bb{}\u00a0\u00bb][\/et_pb_fullwidth_image][\/et_pb_section][et_pb_section fb_built=\u00a0\u00bb1&Prime; _builder_version=\u00a0\u00bb4.27.6&Prime; background_color=\u00a0\u00bb#32467f\u00a0\u00bb custom_padding=\u00a0\u00bb0|0px|0|0px|false|false\u00a0\u00bb bottom_divider_color=\u00a0\u00bb#32467f\u00a0\u00bb bottom_divider_flip=\u00a0\u00bbvertical\u00a0\u00bb global_colors_info=\u00a0\u00bb{}\u00a0\u00bb][et_pb_row _builder_version=\u00a0\u00bb4.16&Prime; module_alignment=\u00a0\u00bbcenter\u00a0\u00bb custom_padding=\u00a0\u00bb20px|0px|0|0px|false|false\u00a0\u00bb global_colors_info=\u00a0\u00bb{}\u00a0\u00bb][et_pb_column type=\u00a0\u00bb4_4&Prime; _builder_version=\u00a0\u00bb4.16&Prime; custom_padding=\u00a0\u00bb|||\u00a0\u00bb global_colors_info=\u00a0\u00bb{}\u00a0\u00bb custom_padding__hover=\u00a0\u00bb|||\u00a0\u00bb][et_pb_text _builder_version=\u00a0\u00bb4.16&Prime; header_font=\u00a0\u00bb||||||||\u00a0\u00bb header_text_align=\u00a0\u00bbcenter\u00a0\u00bb header_text_color=\u00a0\u00bb#ffffff\u00a0\u00bb custom_margin=\u00a0\u00bb||\u00a0\u00bb global_colors_info=\u00a0\u00bb{}\u00a0\u00bb]<\/p>\n<h1>Fret Aerien<\/h1>\n<p>[\/et_pb_text][\/et_pb_column][\/et_pb_row][\/et_pb_section][et_pb_section fb_built=\u00a0\u00bb1&Prime; _builder_version=\u00a0\u00bb4.16&Prime; custom_padding=\u00a0\u00bb0|0px|0|0px|false|false\u00a0\u00bb top_divider_color=\u00a0\u00bb#32467f\u00a0\u00bb top_divider_height=\u00a0\u00bb96px\u00a0\u00bb top_divider_flip=\u00a0\u00bbvertical\u00a0\u00bb top_divider_height_tablet=\u00a0\u00bb\u00a0\u00bb top_divider_height_phone=\u00a0\u00bb0px\u00a0\u00bb top_divider_height_last_edited=\u00a0\u00bbon|desktop\u00a0\u00bb bottom_divider_flip=\u00a0\u00bbvertical\u00a0\u00bb global_colors_info=\u00a0\u00bb{}\u00a0\u00bb top_divider_height__hover_enabled=\u00a0\u00bbon\u00a0\u00bb top_divider_height__hover=\u00a0\u00bb96px\u00a0\u00bb][et_pb_row _builder_version=\u00a0\u00bb4.16&Prime; custom_padding=\u00a0\u00bb29px|0px|27px|0px|false|false\u00a0\u00bb global_colors_info=\u00a0\u00bb{}\u00a0\u00bb][et_pb_column type=\u00a0\u00bb4_4&Prime; _builder_version=\u00a0\u00bb4.16&Prime; custom_padding=\u00a0\u00bb|||\u00a0\u00bb global_colors_info=\u00a0\u00bb{}\u00a0\u00bb custom_padding__hover=\u00a0\u00bb|||\u00a0\u00bb][et_pb_text _builder_version=\u00a0\u00bb4.27.6&Prime; custom_margin_tablet=\u00a0\u00bb\u00a0\u00bb custom_margin_phone=\u00a0\u00bb|||\u00a0\u00bb custom_margin_last_edited=\u00a0\u00bbon|phone\u00a0\u00bb global_colors_info=\u00a0\u00bb{}\u00a0\u00bb custom_margin__hover_enabled=\u00a0\u00bbon\u00a0\u00bb]<\/p>\n<p>Le fret a\u00e9rien est le mode de transport international le plus rapide lorsque le d\u00e9lai de livraison est prioritaire. Les entreprises optent pour le fret a\u00e9rien lorsque les marchandises doivent arriver \u00e0 destination rapidement et en toute s\u00e9curit\u00e9. C&rsquo;est le cas, par exemple, des envois de grande valeur, urgents ou fragiles. EMQ assure le transport a\u00e9rien de marchandises dans le monde entier en accordant une attention particuli\u00e8re \u00e0 la planification, aux co\u00fbts et \u00e0 la gestion des op\u00e9rations. Pour ce faire, nous collaborons avec des compagnies a\u00e9riennes et des partenaires internationaux au sein d&rsquo;un r\u00e9seau fiable.<\/p>\n<p><\/p>\n<h2><strong>Dans quels cas le fret a\u00e9rien constitue-t-il la solution de transport id\u00e9ale ?<\/strong><\/h2>\n<p><\/p>\n<p>Le fret a\u00e9rien d\u00e9signe le transport de marchandises par avion entre des a\u00e9roports internationaux. Ce mode de transport a\u00e9rien est utilis\u00e9 lorsque la rapidit\u00e9 prime sur les co\u00fbts de transport. Le transport a\u00e9rien constitue notamment une solution id\u00e9ale pour les envois urgents, les produits de grande valeur ou le r\u00e9approvisionnement urgent des stocks. Le choix du fret a\u00e9rien d\u00e9pend du d\u00e9lai de livraison, de la valeur des marchandises et du niveau de contr\u00f4le souhait\u00e9 sur l&rsquo;itin\u00e9raire.<\/p>\n<p><\/p>\n<p>EMQ Logistics g\u00e8re les exp\u00e9ditions de fret a\u00e9rien dans le monde entier et assure une coordination minutieuse avec les compagnies a\u00e9riennes et ses partenaires internationaux. Vous avez ainsi la garantie d\u2019un parcours de transport efficace, avec une communication claire et un contr\u00f4le total sur votre exp\u00e9dition.<\/p>\n<p>[\/et_pb_text][\/et_pb_column][\/et_pb_row][\/et_pb_section][et_pb_section fb_built=\u00a0\u00bb1&Prime; _builder_version=\u00a0\u00bb4.16&Prime; background_color=\u00a0\u00bb#304a7f\u00a0\u00bb custom_padding=\u00a0\u00bb0|0px|0|0px|false|false\u00a0\u00bb global_colors_info=\u00a0\u00bb{}\u00a0\u00bb][et_pb_row _builder_version=\u00a0\u00bb4.16&Prime; global_colors_info=\u00a0\u00bb{}\u00a0\u00bb][et_pb_column type=\u00a0\u00bb4_4&Prime; _builder_version=\u00a0\u00bb4.16&Prime; custom_padding=\u00a0\u00bb|||\u00a0\u00bb global_colors_info=\u00a0\u00bb{}\u00a0\u00bb custom_padding__hover=\u00a0\u00bb|||\u00a0\u00bb][et_pb_text _builder_version=\u00a0\u00bb4.27.6&Prime; text_font=\u00a0\u00bb||||||||\u00a0\u00bb header_font=\u00a0\u00bb||||||||\u00a0\u00bb header_text_color=\u00a0\u00bb#c4c4c4&Prime; header_3_font=\u00a0\u00bb||||||||\u00a0\u00bb header_4_font=\u00a0\u00bb||||||||\u00a0\u00bb header_4_text_color=\u00a0\u00bb#c4c4c4&Prime; text_orientation=\u00a0\u00bbcenter\u00a0\u00bb global_colors_info=\u00a0\u00bb{}\u00a0\u00bb]<\/p>\n<p>Les avantages du transport a\u00e9rien avec EMQ Logistics<\/p>\n<p>[\/et_pb_text][\/et_pb_column][\/et_pb_row][et_pb_row column_structure=\u00a0\u00bb1_2,1_2&Prime; _builder_version=\u00a0\u00bb4.16&Prime; module_alignment=\u00a0\u00bbcenter\u00a0\u00bb global_colors_info=\u00a0\u00bb{}\u00a0\u00bb][et_pb_column type=\u00a0\u00bb1_2&Prime; _builder_version=\u00a0\u00bb4.16&Prime; custom_padding=\u00a0\u00bb|||\u00a0\u00bb global_colors_info=\u00a0\u00bb{}\u00a0\u00bb custom_padding__hover=\u00a0\u00bb|||\u00a0\u00bb][et_pb_blurb use_icon=\u00a0\u00bbon\u00a0\u00bb font_icon=\u00a0\u00bb&#x52;||divi||400&Prime; icon_color=\u00a0\u00bb#f39224&Prime; icon_placement=\u00a0\u00bbleft\u00a0\u00bb image_icon_width=\u00a0\u00bb26px\u00a0\u00bb _builder_version=\u00a0\u00bb4.27.6&Prime; header_level=\u00a0\u00bbh6&Prime; header_font=\u00a0\u00bb||||||||\u00a0\u00bb header_text_align=\u00a0\u00bbleft\u00a0\u00bb header_text_color=\u00a0\u00bb#f39224&Prime; text_orientation=\u00a0\u00bbcenter\u00a0\u00bb icon_font_size=\u00a0\u00bb26px\u00a0\u00bb global_colors_info=\u00a0\u00bb{}\u00a0\u00bb]<\/p>\n<p style=\"text-align: left;\"><span style=\"color: #ff9900;\"><strong>Importation et exportation de fret a\u00e9rien dans le monde entier<\/strong> pour une livraison rapide et contr\u00f4l\u00e9e entre les a\u00e9roports internationaux;<\/span><\/p>\n<p>[\/et_pb_blurb][et_pb_blurb use_icon=\u00a0\u00bbon\u00a0\u00bb font_icon=\u00a0\u00bb&#x52;||divi||400&Prime; icon_color=\u00a0\u00bb#f39224&Prime; icon_placement=\u00a0\u00bbleft\u00a0\u00bb image_icon_width=\u00a0\u00bb26px\u00a0\u00bb _builder_version=\u00a0\u00bb4.27.6&Prime; header_level=\u00a0\u00bbh6&Prime; header_font=\u00a0\u00bb||||||||\u00a0\u00bb header_text_align=\u00a0\u00bbleft\u00a0\u00bb header_text_color=\u00a0\u00bb#f39224&Prime; text_orientation=\u00a0\u00bbcenter\u00a0\u00bb icon_font_size=\u00a0\u00bb26px\u00a0\u00bb global_colors_info=\u00a0\u00bb{}\u00a0\u00bb]<\/p>\n<p style=\"text-align: left;\"><span style=\"color: #ff9900;\"><strong>Service porte \u00e0 porte ou transport a\u00e9roport \u00e0 a\u00e9roport<\/strong>, en fonction du niveau d&rsquo;accompagnement souhait\u00e9 tout au long du processus logistique;<\/span><\/p>\n<p>[\/et_pb_blurb][et_pb_blurb use_icon=\u00a0\u00bbon\u00a0\u00bb font_icon=\u00a0\u00bb&#x52;||divi||400&Prime; icon_color=\u00a0\u00bb#f39224&Prime; icon_placement=\u00a0\u00bbleft\u00a0\u00bb image_icon_width=\u00a0\u00bb26px\u00a0\u00bb _builder_version=\u00a0\u00bb4.27.6&Prime; header_level=\u00a0\u00bbh6&Prime; header_font=\u00a0\u00bb||||||||\u00a0\u00bb header_text_align=\u00a0\u00bbleft\u00a0\u00bb header_text_color=\u00a0\u00bb#f39224&Prime; text_orientation=\u00a0\u00bbcenter\u00a0\u00bb icon_font_size=\u00a0\u00bb26px\u00a0\u00bb global_colors_info=\u00a0\u00bb{}\u00a0\u00bb]<\/p>\n<p><span style=\"color: #ff9900;\"><strong>Les exp\u00e9ditions cross trade entre des pays hors des Pays-Bas<\/strong>, dans le cadre desquelles le transport s&rsquo;effectue directement entre deux destinations internationales;<\/span><\/p>\n<p>[\/et_pb_blurb][\/et_pb_column][et_pb_column type=\u00a0\u00bb1_2&Prime; _builder_version=\u00a0\u00bb4.16&Prime; custom_padding=\u00a0\u00bb|||\u00a0\u00bb global_colors_info=\u00a0\u00bb{}\u00a0\u00bb custom_padding__hover=\u00a0\u00bb|||\u00a0\u00bb][et_pb_blurb use_icon=\u00a0\u00bbon\u00a0\u00bb font_icon=\u00a0\u00bb&#x52;||divi||400&Prime; icon_color=\u00a0\u00bb#f39224&Prime; icon_placement=\u00a0\u00bbleft\u00a0\u00bb image_icon_width=\u00a0\u00bb26px\u00a0\u00bb _builder_version=\u00a0\u00bb4.27.6&Prime; header_level=\u00a0\u00bbh6&Prime; header_font=\u00a0\u00bb||||||||\u00a0\u00bb header_text_color=\u00a0\u00bb#f39224&Prime; icon_font_size=\u00a0\u00bb26px\u00a0\u00bb global_colors_info=\u00a0\u00bb{}\u00a0\u00bb]<\/p>\n<p><span style=\"color: #ff9900;\"><strong>Prise en charge compl\u00e8te des formalit\u00e9s douani\u00e8res et assistance pour les documents<\/strong>, afin que les importations et les exportations se d\u00e9roulent conform\u00e9ment \u00e0 la r\u00e9glementation en vigueur;<\/span><\/p>\n<p>[\/et_pb_blurb][et_pb_blurb use_icon=\u00a0\u00bbon\u00a0\u00bb font_icon=\u00a0\u00bb&#x52;||divi||400&Prime; icon_color=\u00a0\u00bb#f39224&Prime; icon_placement=\u00a0\u00bbleft\u00a0\u00bb image_icon_width=\u00a0\u00bb26px\u00a0\u00bb _builder_version=\u00a0\u00bb4.27.6&Prime; header_level=\u00a0\u00bbh6&Prime; header_font=\u00a0\u00bb||||||||\u00a0\u00bb header_text_color=\u00a0\u00bb#f39224&Prime; icon_font_size=\u00a0\u00bb26px\u00a0\u00bb global_colors_info=\u00a0\u00bb{}\u00a0\u00bb]<\/p>\n<p><span style=\"color: #ff9900;\"><strong>Assurance transport pour les envois par fret a\u00e9rien<\/strong>, offrant une couverture contre les dommages ou la perte pendant le transport;<\/span><\/p>\n<p>[\/et_pb_blurb][et_pb_blurb use_icon=\u00a0\u00bbon\u00a0\u00bb font_icon=\u00a0\u00bb&#x52;||divi||400&Prime; icon_color=\u00a0\u00bb#f39224&Prime; icon_placement=\u00a0\u00bbleft\u00a0\u00bb image_icon_width=\u00a0\u00bb26px\u00a0\u00bb _builder_version=\u00a0\u00bb4.27.6&Prime; header_level=\u00a0\u00bbh6&Prime; header_font=\u00a0\u00bb||||||||\u00a0\u00bb header_text_color=\u00a0\u00bb#f39224&Prime; icon_font_size=\u00a0\u00bb26px\u00a0\u00bb global_colors_info=\u00a0\u00bb{}\u00a0\u00bb]<\/p>\n<p><span style=\"color: #ff9900;\"><strong>Suivi des commandes tout au long du processus<\/strong>, avec un aper\u00e7u du statut et de l&rsquo;avancement de votre envoi.<\/span><\/p>\n<p>[\/et_pb_blurb][\/et_pb_column][\/et_pb_row][et_pb_row _builder_version=\u00a0\u00bb4.16&Prime; global_colors_info=\u00a0\u00bb{}\u00a0\u00bb][et_pb_column type=\u00a0\u00bb4_4&Prime; _builder_version=\u00a0\u00bb4.16&Prime; custom_padding=\u00a0\u00bb|||\u00a0\u00bb global_colors_info=\u00a0\u00bb{}\u00a0\u00bb custom_padding__hover=\u00a0\u00bb|||\u00a0\u00bb][et_pb_button button_url=\u00a0\u00bbhttps:\/\/emqlogistics.com\/fr\/demander-un-devis\/\u00a0\u00bb button_text=\u00a0\u00bbDemander un devis\u00a0\u00bb button_alignment=\u00a0\u00bbcenter\u00a0\u00bb _builder_version=\u00a0\u00bb4.16&Prime; global_colors_info=\u00a0\u00bb{}\u00a0\u00bb][\/et_pb_button][\/et_pb_column][\/et_pb_row][\/et_pb_section][et_pb_section fb_built=\u00a0\u00bb1&Prime; _builder_version=\u00a0\u00bb4.16&Prime; custom_padding=\u00a0\u00bb0|0px|0|0px|false|false\u00a0\u00bb top_divider_color=\u00a0\u00bb#32467f\u00a0\u00bb top_divider_height=\u00a0\u00bb96px\u00a0\u00bb top_divider_flip=\u00a0\u00bbvertical\u00a0\u00bb top_divider_height_tablet=\u00a0\u00bb\u00a0\u00bb top_divider_height_phone=\u00a0\u00bb0px\u00a0\u00bb top_divider_height_last_edited=\u00a0\u00bbon|desktop\u00a0\u00bb bottom_divider_flip=\u00a0\u00bbvertical\u00a0\u00bb global_colors_info=\u00a0\u00bb{}\u00a0\u00bb top_divider_height__hover_enabled=\u00a0\u00bbon\u00a0\u00bb top_divider_height__hover=\u00a0\u00bb96px\u00a0\u00bb][et_pb_row _builder_version=\u00a0\u00bb4.16&Prime; custom_margin=\u00a0\u00bb|auto|-31px|auto||\u00a0\u00bb custom_padding=\u00a0\u00bb29px|0px|27px|0px|false|false\u00a0\u00bb global_colors_info=\u00a0\u00bb{}\u00a0\u00bb][et_pb_column type=\u00a0\u00bb4_4&Prime; _builder_version=\u00a0\u00bb4.16&Prime; custom_padding=\u00a0\u00bb|||\u00a0\u00bb global_colors_info=\u00a0\u00bb{}\u00a0\u00bb custom_padding__hover=\u00a0\u00bb|||\u00a0\u00bb][et_pb_text _builder_version=\u00a0\u00bb4.27.6&Prime; custom_margin_tablet=\u00a0\u00bb\u00a0\u00bb custom_margin_phone=\u00a0\u00bb|||\u00a0\u00bb custom_margin_last_edited=\u00a0\u00bbon|phone\u00a0\u00bb global_colors_info=\u00a0\u00bb{}\u00a0\u00bb custom_margin__hover_enabled=\u00a0\u00bbon\u00a0\u00bb]<\/p>\n<h2><strong>Services complets de fret a\u00e9rien pour l&rsquo;importation et l&rsquo;exportation<\/strong><\/h2>\n<p><\/p>\n<p>Nous assurons l&rsquo;importation et l&rsquo;exportation de fret a\u00e9rien dans le monde entier. En fonction de vos besoins, nous proposons des solutions porte-\u00e0-porte ou a\u00e9roport-\u00e0-a\u00e9roport. Les exp\u00e9ditions cross trade entre des pays situ\u00e9s en dehors des Pays-Bas font \u00e9galement partie des possibilit\u00e9s. Nous prenons en charge l&rsquo;ensemble des formalit\u00e9s <a href=\"https:\/\/emqlogistics.com\/fr\/douanes-et-accises\/\">douani\u00e8res<\/a> et vous conseillons sur les tarifs et la documentation relatifs au fret a\u00e9rien. De plus, nous vous accompagnons en mati\u00e8re <a href=\"https:\/\/emqlogistics.com\/fr\/assurances-transport\/\">d&rsquo;assurance transport<\/a> et de suivi des commandes afin que vous puissiez suivre en permanence votre exp\u00e9dition.<\/p>\n<p><\/p>\n<p>&nbsp;<\/p>\n<p><\/p>\n<h3><strong>Samenwerken met een ervaren luchtvracht partner<\/strong><\/h3>\n<p><\/p>\n<p><span style=\"font-weight: 400;\">EMQ beschikt over ruime ervaring in luchtvracht transport voor uiteenlopende industrie\u00ebn en goederenstromen. Wij combineren snelheid met zorgvuldige afhandeling en duidelijke communicatie. Naast luchtvracht ondersteunen wij ook bij zeevracht, spoorvervoer en <\/span><a href=\"https:\/\/emqlogistics.com\/fr\/entrepots\/\"><span style=\"font-weight: 400;\">warehousing<\/span><\/a><span style=\"font-weight: 400;\">. Zo ontstaat \u00e9\u00e9n ge\u00efntegreerde logistieke oplossing met vaste contactpersonen en korte lijnen. Neem <\/span><a href=\"https:\/\/emqlogistics.com\/fr\/demander-un-devis\/\"><span style=\"font-weight: 400;\">contact<\/span><\/a><span style=\"font-weight: 400;\"> met ons op om uw airfreight traject te bespreken.<\/span><\/p>\n<p>[\/et_pb_text][\/et_pb_column][\/et_pb_row][\/et_pb_section][et_pb_section fb_built=\u00a0\u00bb1&Prime; _builder_version=\u00a0\u00bb4.27.6&Prime; _module_preset=\u00a0\u00bbdefault\u00a0\u00bb custom_margin=\u00a0\u00bb||-67px|||\u00a0\u00bb custom_padding=\u00a0\u00bb0px|||||\u00a0\u00bb global_colors_info=\u00a0\u00bb{}\u00a0\u00bb][et_pb_row _builder_version=\u00a0\u00bb4.27.6&Prime; _module_preset=\u00a0\u00bbdefault\u00a0\u00bb global_colors_info=\u00a0\u00bb{}\u00a0\u00bb][et_pb_column type=\u00a0\u00bb4_4&Prime; _builder_version=\u00a0\u00bb4.27.6&Prime; _module_preset=\u00a0\u00bbdefault\u00a0\u00bb global_colors_info=\u00a0\u00bb{}\u00a0\u00bb][et_pb_button button_url=\u00a0\u00bbhttps:\/\/emqlogistics.com\/fr\/contactez-nous\/\u00a0\u00bb button_text=\u00a0\u00bbContactez nous\u00a0\u00bb _builder_version=\u00a0\u00bb4.27.6&Prime; _module_preset=\u00a0\u00bbdefault\u00a0\u00bb global_colors_info=\u00a0\u00bb{}\u00a0\u00bb][\/et_pb_button][\/et_pb_column][\/et_pb_row][\/et_pb_section][et_pb_section fb_built=\u00a0\u00bb1&Prime; _builder_version=\u00a0\u00bb3.19.9&Prime; custom_padding=\u00a0\u00bb0|0px|0|0px|false|false\u00a0\u00bb global_module=\u00a0\u00bb343&Prime; global_colors_info=\u00a0\u00bb{}\u00a0\u00bb][et_pb_row _builder_version=\u00a0\u00bb4.16&Prime; global_colors_info=\u00a0\u00bb{}\u00a0\u00bb][et_pb_column type=\u00a0\u00bb4_4&Prime; _builder_version=\u00a0\u00bb4.16&Prime; custom_padding=\u00a0\u00bb|||\u00a0\u00bb global_colors_info=\u00a0\u00bb{}\u00a0\u00bb custom_padding__hover=\u00a0\u00bb|||\u00a0\u00bb][et_pb_text _builder_version=\u00a0\u00bb4.16&Prime; global_colors_info=\u00a0\u00bb{}\u00a0\u00bb]<\/p>\n<h1>Nos autres services<\/h1>\n<p>[\/et_pb_text][\/et_pb_column][\/et_pb_row][et_pb_row column_structure=\u00a0\u00bb1_3,1_3,1_3&Prime; _builder_version=\u00a0\u00bb4.16&Prime; global_colors_info=\u00a0\u00bb{}\u00a0\u00bb][et_pb_column type=\u00a0\u00bb1_3&Prime; _builder_version=\u00a0\u00bb4.16&Prime; custom_padding=\u00a0\u00bb|||\u00a0\u00bb global_colors_info=\u00a0\u00bb{}\u00a0\u00bb custom_padding__hover=\u00a0\u00bb|||\u00a0\u00bb][et_pb_blurb title=\u00a0\u00bbDouanes et Accises\u00a0\u00bb use_icon=\u00a0\u00bbon\u00a0\u00bb font_icon=\u00a0\u00bb&#x69;||divi||400&Prime; icon_placement=\u00a0\u00bbleft\u00a0\u00bb _builder_version=\u00a0\u00bb4.20.4&Prime; global_colors_info=\u00a0\u00bb{}\u00a0\u00bb]<\/p>\n<p>G\u00e9rer les d\u00e9clarations d\u2019importation-exportation et toutes autres formalit\u00e9s est une activit\u00e9 exigeante expertise et exp\u00e9rience.<br \/>\nEMQ Logistics B.V. prendra en charge toutes ces proc\u00e9dures, vous permettant de mieux vous concentrer sur votre activit\u00e9 principale. P. 1<br \/>\nNous assurons l\u2019accompagnement pour toutes les formalit\u00e9s de Douanes et Accises, intra- et extra-Communaut\u00e9 Europ\u00e9enne.<\/p>\n<p>[\/et_pb_blurb][et_pb_button button_url=\u00a0\u00bbhttps:\/\/emqlogistics.com\/fr\/douanes-et-accises\/\u00a0\u00bb button_text=\u00a0\u00bb Plus d&apos;information\u00a0\u00bb button_alignment=\u00a0\u00bbcenter\u00a0\u00bb disabled_on=\u00a0\u00bboff|on|on\u00a0\u00bb _builder_version=\u00a0\u00bb4.24.0&Prime; global_colors_info=\u00a0\u00bb{}\u00a0\u00bb][\/et_pb_button][\/et_pb_column][et_pb_column type=\u00a0\u00bb1_3&Prime; _builder_version=\u00a0\u00bb4.16&Prime; custom_padding=\u00a0\u00bb|||\u00a0\u00bb global_colors_info=\u00a0\u00bb{}\u00a0\u00bb custom_padding__hover=\u00a0\u00bb|||\u00a0\u00bb][et_pb_blurb title=\u00a0\u00bbAssurances Transport\u00a0\u00bb use_icon=\u00a0\u00bbon\u00a0\u00bb font_icon=\u00a0\u00bb&#xe101;||divi||400&Prime; icon_placement=\u00a0\u00bbleft\u00a0\u00bb _builder_version=\u00a0\u00bb4.20.4&Prime; global_colors_info=\u00a0\u00bb{}\u00a0\u00bb]<\/p>\n<p>EMQ Logistics B.V. vous garanti que votre Fret sera toujours manutentionn\u00e9 et transport\u00e9 avec les meilleurs soins et attentions. Le risque des dommages est, en pratique, minime, mais malheureusement jamais tout \u00e0 fait exclu. Si vous n\u2019\u00eates pas assur\u00e9 pour perte et dommages, vous ne recevrez qu\u2019une faible indemnisation et la valeur de vos marchandises ne sera pas prise en compte. Par compte, l\u2019assurance transport de EMQ Logistics est bas\u00e9e sur la valeur de vos marchandises et limitera ainsi les risques financiers au cours de leur transport.<\/p>\n<p>[\/et_pb_blurb][et_pb_button button_url=\u00a0\u00bbhttps:\/\/emqlogistics.com\/fr\/assurances-transport\/\u00a0\u00bb button_text=\u00a0\u00bb Plus d&apos;information\u00a0\u00bb button_alignment=\u00a0\u00bbcenter\u00a0\u00bb disabled_on=\u00a0\u00bboff|on|on\u00a0\u00bb admin_label=\u00a0\u00bbKnop\u00a0\u00bb _builder_version=\u00a0\u00bb4.24.0&Prime; global_colors_info=\u00a0\u00bb{}\u00a0\u00bb][\/et_pb_button][\/et_pb_column][et_pb_column type=\u00a0\u00bb1_3&Prime; _builder_version=\u00a0\u00bb4.16&Prime; custom_padding=\u00a0\u00bb|||\u00a0\u00bb global_colors_info=\u00a0\u00bb{}\u00a0\u00bb custom_padding__hover=\u00a0\u00bb|||\u00a0\u00bb][et_pb_blurb title=\u00a0\u00bbEntreposage\u00a0\u00bb use_icon=\u00a0\u00bbon\u00a0\u00bb font_icon=\u00a0\u00bb&#xe0ef;||divi||400&Prime; icon_placement=\u00a0\u00bbleft\u00a0\u00bb _builder_version=\u00a0\u00bb4.20.4&Prime; global_colors_info=\u00a0\u00bb{}\u00a0\u00bb]<\/p>\n<p>Chez EMQ Logistics, nous comprenons le r\u00f4le primordial de l\u2019entreposage au sein de votre chaine d\u2019approvisionnement.<br \/>\nNous mettons donc une vari\u00e9t\u00e9 de solutions \u00e0 votre disposition pour l\u2019entreposage de votre fret sous caution et pour fret d\u00e9j\u00e0 d\u00e9douan\u00e9.<br \/>\nGr\u00e2ce \u00e0 nos salari\u00e9s exp\u00e9riment\u00e9s et notre stricte adh\u00e9sion \u00e0 la conformit\u00e9 des proc\u00e9dures, le niveau de performance de notre entreposage est des plus \u00e9lev\u00e9.<\/p>\n<p>[\/et_pb_blurb][et_pb_button button_url=\u00a0\u00bbhttps:\/\/emqlogistics.com\/fr\/entrepots\/\u00a0\u00bb button_text=\u00a0\u00bb Plus d&apos;information\u00a0\u00bb button_alignment=\u00a0\u00bbcenter\u00a0\u00bb disabled_on=\u00a0\u00bboff|on|on\u00a0\u00bb _builder_version=\u00a0\u00bb4.24.0&Prime; global_colors_info=\u00a0\u00bb{}\u00a0\u00bb][\/et_pb_button][\/et_pb_column][\/et_pb_row][et_pb_row column_structure=\u00a0\u00bb1_3,1_3,1_3&Prime; _builder_version=\u00a0\u00bb4.16&Prime; global_colors_info=\u00a0\u00bb{}\u00a0\u00bb][et_pb_column type=\u00a0\u00bb1_3&Prime; _builder_version=\u00a0\u00bb4.16&Prime; custom_padding=\u00a0\u00bb|||\u00a0\u00bb global_colors_info=\u00a0\u00bb{}\u00a0\u00bb custom_padding__hover=\u00a0\u00bb|||\u00a0\u00bb][et_pb_button button_url=\u00a0\u00bbhttps:\/\/emqlogistics.com\/fr\/douanes-et-accises\/\u00a0\u00bb button_text=\u00a0\u00bb Plus d&apos;information\u00a0\u00bb button_alignment=\u00a0\u00bbcenter\u00a0\u00bb disabled_on=\u00a0\u00bbon|off|off\u00a0\u00bb _builder_version=\u00a0\u00bb4.24.0&Prime; global_colors_info=\u00a0\u00bb{}\u00a0\u00bb][\/et_pb_button][\/et_pb_column][et_pb_column type=\u00a0\u00bb1_3&Prime; _builder_version=\u00a0\u00bb4.16&Prime; custom_padding=\u00a0\u00bb|||\u00a0\u00bb global_colors_info=\u00a0\u00bb{}\u00a0\u00bb custom_padding__hover=\u00a0\u00bb|||\u00a0\u00bb][et_pb_button button_url=\u00a0\u00bbhttps:\/\/emqlogistics.com\/fr\/assurances-transport\/\u00a0\u00bb button_text=\u00a0\u00bb Plus d&apos;information\u00a0\u00bb button_alignment=\u00a0\u00bbcenter\u00a0\u00bb disabled_on=\u00a0\u00bbon|off|off\u00a0\u00bb _builder_version=\u00a0\u00bb4.24.0&Prime; global_colors_info=\u00a0\u00bb{}\u00a0\u00bb][\/et_pb_button][\/et_pb_column][et_pb_column type=\u00a0\u00bb1_3&Prime; _builder_version=\u00a0\u00bb4.16&Prime; custom_padding=\u00a0\u00bb|||\u00a0\u00bb global_colors_info=\u00a0\u00bb{}\u00a0\u00bb custom_padding__hover=\u00a0\u00bb|||\u00a0\u00bb][et_pb_button button_url=\u00a0\u00bbhttps:\/\/emqlogistics.com\/fr\/entrepots\/\u00a0\u00bb button_text=\u00a0\u00bb Plus d&apos;information\u00a0\u00bb button_alignment=\u00a0\u00bbcenter\u00a0\u00bb disabled_on=\u00a0\u00bbon|off|off\u00a0\u00bb _builder_version=\u00a0\u00bb4.24.0&Prime; global_colors_info=\u00a0\u00bb{}\u00a0\u00bb][\/et_pb_button][\/et_pb_column][\/et_pb_row][\/et_pb_section]<\/p>\n","protected":false},"excerpt":{"rendered":"<p>Fret AerienLe fret a\u00e9rien est le mode de transport international le plus rapide lorsque le d\u00e9lai de livraison est prioritaire. Les entreprises optent pour le fret a\u00e9rien lorsque les marchandises doivent arriver \u00e0 destination rapidement et en toute s\u00e9curit\u00e9. C&rsquo;est le cas, par exemple, des envois de grande valeur, urgents ou fragiles. EMQ assure le [&hellip;]<\/p>\n","protected":false},"author":6,"featured_media":0,"parent":0,"menu_order":0,"comment_status":"closed","ping_status":"closed","template":"","meta":{"_et_pb_use_builder":"on","_et_pb_old_content":"","_et_gb_content_width":"","footnotes":""},"class_list":["post-1874","page","type-page","status-publish","hentry"],"yoast_head":"<!-- This site is optimized with the Yoast SEO plugin v28.2 - https:\/\/yoast.com\/product\/yoast-seo-wordpress\/ -->\n<title>Fret Aerien - EMQ Logistics<\/title>\n<meta name=\"description\" content=\"Vous souhaitez transporter rapidement des marchandises par fret a\u00e9rien ? D\u00e9couvrez les possibilit\u00e9s offertes par EMQ en mati\u00e8re de fret a\u00e9rien et contactez-nous pour obtenir des conseils sur votre envoi.\" \/>\n<meta name=\"robots\" content=\"index, follow, max-snippet:-1, max-image-preview:large, max-video-preview:-1\" \/>\n<link rel=\"canonical\" href=\"https:\/\/emqlogistics.com\/luchtvracht\/\" \/>\n<meta property=\"og:locale\" content=\"fr_FR\" \/>\n<meta property=\"og:type\" content=\"article\" \/>\n<meta property=\"og:title\" content=\"Fret Aerien - EMQ Logistics\" \/>\n<meta property=\"og:description\" content=\"Vous souhaitez transporter rapidement des marchandises par fret a\u00e9rien ? D\u00e9couvrez les possibilit\u00e9s offertes par EMQ en mati\u00e8re de fret a\u00e9rien et contactez-nous pour obtenir des conseils sur votre envoi.\" \/>\n<meta property=\"og:url\" content=\"https:\/\/emqlogistics.com\/luchtvracht\/\" \/>\n<meta property=\"og:site_name\" content=\"EMQ Logistics\" \/>\n<meta property=\"article:modified_time\" content=\"2026-07-31T09:16:59+00:00\" \/>\n<meta name=\"twitter:card\" content=\"summary_large_image\" \/>\n<meta name=\"twitter:label1\" content=\"Dur\u00e9e de lecture estim\u00e9e\" \/>\n\t<meta name=\"twitter:data1\" content=\"11 minutes\" \/>\n<script type=\"application\/ld+json\" class=\"yoast-schema-graph\">{\"@context\":\"https:\\\/\\\/schema.org\",\"@graph\":[{\"@type\":\"WebPage\",\"@id\":\"https:\\\/\\\/emqlogistics.com\\\/luchtvracht\\\/\",\"url\":\"https:\\\/\\\/emqlogistics.com\\\/luchtvracht\\\/\",\"name\":\"Fret Aerien - EMQ Logistics\",\"isPartOf\":{\"@id\":\"https:\\\/\\\/emqlogistics.com\\\/#website\"},\"datePublished\":\"2023-09-26T10:26:40+00:00\",\"dateModified\":\"2026-07-31T09:16:59+00:00\",\"description\":\"Vous souhaitez transporter rapidement des marchandises par fret a\u00e9rien ? D\u00e9couvrez les possibilit\u00e9s offertes par EMQ en mati\u00e8re de fret a\u00e9rien et contactez-nous pour obtenir des conseils sur votre envoi.\",\"breadcrumb\":{\"@id\":\"https:\\\/\\\/emqlogistics.com\\\/luchtvracht\\\/#breadcrumb\"},\"inLanguage\":\"fr-FR\",\"potentialAction\":[{\"@type\":\"ReadAction\",\"target\":[\"https:\\\/\\\/emqlogistics.com\\\/luchtvracht\\\/\"]}]},{\"@type\":\"BreadcrumbList\",\"@id\":\"https:\\\/\\\/emqlogistics.com\\\/luchtvracht\\\/#breadcrumb\",\"itemListElement\":[{\"@type\":\"ListItem\",\"position\":1,\"name\":\"Home\",\"item\":\"https:\\\/\\\/emqlogistics.com\\\/\"},{\"@type\":\"ListItem\",\"position\":2,\"name\":\"Fret Aerien\"}]},{\"@type\":\"WebSite\",\"@id\":\"https:\\\/\\\/emqlogistics.com\\\/#website\",\"url\":\"https:\\\/\\\/emqlogistics.com\\\/\",\"name\":\"EMQ Logistics\",\"description\":\"Dynamische expediteurs\",\"potentialAction\":[{\"@type\":\"SearchAction\",\"target\":{\"@type\":\"EntryPoint\",\"urlTemplate\":\"https:\\\/\\\/emqlogistics.com\\\/?s={search_term_string}\"},\"query-input\":{\"@type\":\"PropertyValueSpecification\",\"valueRequired\":true,\"valueName\":\"search_term_string\"}}],\"inLanguage\":\"fr-FR\"}]}<\/script>\n<!-- \/ Yoast SEO plugin. -->","yoast_head_json":{"title":"Fret Aerien - EMQ Logistics","description":"Vous souhaitez transporter rapidement des marchandises par fret a\u00e9rien ? D\u00e9couvrez les possibilit\u00e9s offertes par EMQ en mati\u00e8re de fret a\u00e9rien et contactez-nous pour obtenir des conseils sur votre envoi.","robots":{"index":"index","follow":"follow","max-snippet":"max-snippet:-1","max-image-preview":"max-image-preview:large","max-video-preview":"max-video-preview:-1"},"canonical":"https:\/\/emqlogistics.com\/luchtvracht\/","og_locale":"fr_FR","og_type":"article","og_title":"Fret Aerien - EMQ Logistics","og_description":"Vous souhaitez transporter rapidement des marchandises par fret a\u00e9rien ? D\u00e9couvrez les possibilit\u00e9s offertes par EMQ en mati\u00e8re de fret a\u00e9rien et contactez-nous pour obtenir des conseils sur votre envoi.","og_url":"https:\/\/emqlogistics.com\/luchtvracht\/","og_site_name":"EMQ Logistics","article_modified_time":"2026-07-31T09:16:59+00:00","twitter_card":"summary_large_image","twitter_misc":{"Dur\u00e9e de lecture estim\u00e9e":"11 minutes"},"schema":{"@context":"https:\/\/schema.org","@graph":[{"@type":"WebPage","@id":"https:\/\/emqlogistics.com\/luchtvracht\/","url":"https:\/\/emqlogistics.com\/luchtvracht\/","name":"Fret Aerien - EMQ Logistics","isPartOf":{"@id":"https:\/\/emqlogistics.com\/#website"},"datePublished":"2023-09-26T10:26:40+00:00","dateModified":"2026-07-31T09:16:59+00:00","description":"Vous souhaitez transporter rapidement des marchandises par fret a\u00e9rien ? D\u00e9couvrez les possibilit\u00e9s offertes par EMQ en mati\u00e8re de fret a\u00e9rien et contactez-nous pour obtenir des conseils sur votre envoi.","breadcrumb":{"@id":"https:\/\/emqlogistics.com\/luchtvracht\/#breadcrumb"},"inLanguage":"fr-FR","potentialAction":[{"@type":"ReadAction","target":["https:\/\/emqlogistics.com\/luchtvracht\/"]}]},{"@type":"BreadcrumbList","@id":"https:\/\/emqlogistics.com\/luchtvracht\/#breadcrumb","itemListElement":[{"@type":"ListItem","position":1,"name":"Home","item":"https:\/\/emqlogistics.com\/"},{"@type":"ListItem","position":2,"name":"Fret Aerien"}]},{"@type":"WebSite","@id":"https:\/\/emqlogistics.com\/#website","url":"https:\/\/emqlogistics.com\/","name":"EMQ Logistics","description":"Dynamische expediteurs","potentialAction":[{"@type":"SearchAction","target":{"@type":"EntryPoint","urlTemplate":"https:\/\/emqlogistics.com\/?s={search_term_string}"},"query-input":{"@type":"PropertyValueSpecification","valueRequired":true,"valueName":"search_term_string"}}],"inLanguage":"fr-FR"}]}},"_links":{"self":[{"href":"https:\/\/emqlogistics.com\/fr\/wp-json\/wp\/v2\/pages\/1874","targetHints":{"allow":["GET"]}}],"collection":[{"href":"https:\/\/emqlogistics.com\/fr\/wp-json\/wp\/v2\/pages"}],"about":[{"href":"https:\/\/emqlogistics.com\/fr\/wp-json\/wp\/v2\/types\/page"}],"author":[{"embeddable":true,"href":"https:\/\/emqlogistics.com\/fr\/wp-json\/wp\/v2\/users\/6"}],"replies":[{"embeddable":true,"href":"https:\/\/emqlogistics.com\/fr\/wp-json\/wp\/v2\/comments?post=1874"}],"version-history":[{"count":13,"href":"https:\/\/emqlogistics.com\/fr\/wp-json\/wp\/v2\/pages\/1874\/revisions"}],"predecessor-version":[{"id":2523,"href":"https:\/\/emqlogistics.com\/fr\/wp-json\/wp\/v2\/pages\/1874\/revisions\/2523"}],"wp:attachment":[{"href":"https:\/\/emqlogistics.com\/fr\/wp-json\/wp\/v2\/media?parent=1874"}],"curies":[{"name":"wp","href":"https:\/\/api.w.org\/{rel}","templated":true}]}}